{"id":496,"date":"2025-10-25T12:43:58","date_gmt":"2025-10-25T12:43:58","guid":{"rendered":"https:\/\/paivakumpu.net\/?page_id=496"},"modified":"2025-10-27T18:31:03","modified_gmt":"2025-10-27T18:31:03","slug":"2025-2","status":"publish","type":"page","link":"https:\/\/paivakumpu.net\/index.php\/julkaisut\/verkkolehdet\/2025-2\/","title":{"rendered":"Lehti 2025"},"content":{"rendered":"\n<div class=\"wp-block-group is-horizontal is-nowrap is-layout-flex wp-container-core-group-is-layout-2 wp-block-group-is-layout-flex\">\n<div class=\"wp-block-group is-vertical is-layout-flex wp-container-core-group-is-layout-1 wp-block-group-is-layout-flex\" style=\"padding-right:var(--wp--preset--spacing--30);padding-left:0\"><ul class=\"wp-block-page-list\"><li class=\"wp-block-pages-list__item\"><a class=\"wp-block-pages-list__item__link\" href=\"https:\/\/paivakumpu.net\/index.php\/julkaisut\/verkkolehdet\/2025-2\/puheenjohtajan-terveiset\/\">Puheenjohtajan Terveiset<\/a><\/li><li class=\"wp-block-pages-list__item\"><a class=\"wp-block-pages-list__item__link\" href=\"https:\/\/paivakumpu.net\/index.php\/julkaisut\/verkkolehdet\/2025-2\/paivispaiva-paivista-parhain\/\">P\u00e4ivisp\u00e4iv\u00e4, p\u00e4ivist\u00e4 parhain<\/a><\/li><li class=\"wp-block-pages-list__item\"><a class=\"wp-block-pages-list__item__link\" href=\"https:\/\/paivakumpu.net\/index.php\/julkaisut\/verkkolehdet\/2025-2\/omakotiliiton-tulevat-webinaarit\/\">Omakotiliiton tulevat webinaarit<\/a><\/li><li class=\"wp-block-pages-list__item\"><a class=\"wp-block-pages-list__item__link\" href=\"https:\/\/paivakumpu.net\/index.php\/julkaisut\/verkkolehdet\/2025-2\/paivakumpulaiset-harrastavat-taekwondo\/\">P\u00e4iv\u00e4kumpulaiset harrastavat &#8211; TAEKWONDO<\/a><\/li><li class=\"wp-block-pages-list__item\"><a class=\"wp-block-pages-list__item__link\" href=\"https:\/\/paivakumpu.net\/index.php\/julkaisut\/verkkolehdet\/2025-2\/asemakaavamuutos-002558-paivakummun-pientalotontit-ja-virkistysalue\/\">Asemakaavamuutos &#8211; 002558 P\u00e4iv\u00e4kummun pientalotontit ja virkistysalue<\/a><\/li><li class=\"wp-block-pages-list__item\"><a class=\"wp-block-pages-list__item__link\" href=\"https:\/\/paivakumpu.net\/index.php\/julkaisut\/verkkolehdet\/2025-2\/tienvarsia-siistiksi-talkoovoimin\/\">Tienvarsia siistiksi talkoovoimin<\/a><\/li><li class=\"wp-block-pages-list__item\"><a class=\"wp-block-pages-list__item__link\" href=\"https:\/\/paivakumpu.net\/index.php\/julkaisut\/verkkolehdet\/2025-2\/makumatka-fazerilaan\/\">Makumatka Fazerilaan<\/a><\/li><\/ul>\n\n\n<div style=\"height:0px\" aria-hidden=\"true\" class=\"wp-block-spacer wp-container-content-1\"><\/div>\n\n\n\n<h3 class=\"wp-block-heading\">Tervetuloa syyskokoukseen<\/h3>\n\n\n\n<p>P\u00e4iv\u00e4kummun koululle, Ismontie 2<\/p>\n\n\n\n<p><strong>Tiistaina 11.11. klo 18.30<\/strong><\/p>\n\n\n\n<p>Vieraanamme on Omakotiliiton toiminnanjohtaja Marju Silander.<\/p>\n\n\n\n<p>Kahvitarjoilu.<\/p>\n<\/div>\n\n\n\n<figure class=\"wp-block-image size-large\"><img loading=\"lazy\" decoding=\"async\" width=\"911\" height=\"1024\" src=\"https:\/\/paivakumpu.net\/wp-content\/uploads\/2025\/10\/IMG_20251025_202846-911x1024.jpg\" alt=\"\" class=\"wp-image-523\" style=\"object-fit:cover\" srcset=\"https:\/\/paivakumpu.net\/wp-content\/uploads\/2025\/10\/IMG_20251025_202846-911x1024.jpg 911w, https:\/\/paivakumpu.net\/wp-content\/uploads\/2025\/10\/IMG_20251025_202846-267x300.jpg 267w, https:\/\/paivakumpu.net\/wp-content\/uploads\/2025\/10\/IMG_20251025_202846-768x863.jpg 768w, https:\/\/paivakumpu.net\/wp-content\/uploads\/2025\/10\/IMG_20251025_202846-1366x1536.jpg 1366w, https:\/\/paivakumpu.net\/wp-content\/uploads\/2025\/10\/IMG_20251025_202846-1822x2048.jpg 1822w, https:\/\/paivakumpu.net\/wp-content\/uploads\/2025\/10\/IMG_20251025_202846.jpg 1828w\" sizes=\"(max-width: 911px) 100vw, 911px\" \/><figcaption class=\"wp-element-caption\">P\u00e4ivisp\u00e4ivill\u00e4 edustamassa Jari Ahokas ja Tuula Haavasoja<\/figcaption><\/figure>\n<\/div>\n\n\n\n<div class=\"wp-block-group is-vertical is-layout-flex wp-container-core-group-is-layout-3 wp-block-group-is-layout-flex\">\n<p>Julkaistu: <strong>27.10.2025<\/strong><\/p>\n\n\n\n<p>P\u00e4\u00e4toimittaja: <strong>Jari Ahokas<\/strong><\/p>\n<\/div>\n","protected":false},"excerpt":{"rendered":"<p>Tervetuloa syyskokoukseen P\u00e4iv\u00e4kummun koululle, Ismontie 2 Tiistaina 11.11. klo 18.30 Vieraanamme on Omakotiliiton toiminnanjohtaja Marju Silander. Kahvitarjoilu. Julkaistu: 27.10.2025 P\u00e4\u00e4toimittaja: Jari Ahokas<\/p>\n","protected":false},"author":2,"featured_media":0,"parent":515,"menu_order":0,"comment_status":"closed","ping_status":"closed","template":"templates\/full-width-page.php","meta":{"footnotes":""},"_links":{"self":[{"href":"https:\/\/paivakumpu.net\/index.php\/wp-json\/wp\/v2\/pages\/496"}],"collection":[{"href":"https:\/\/paivakumpu.net\/index.php\/wp-json\/wp\/v2\/pages"}],"about":[{"href":"https:\/\/paivakumpu.net\/index.php\/wp-json\/wp\/v2\/types\/page"}],"author":[{"embeddable":true,"href":"https:\/\/paivakumpu.net\/index.php\/wp-json\/wp\/v2\/users\/2"}],"replies":[{"embeddable":true,"href":"https:\/\/paivakumpu.net\/index.php\/wp-json\/wp\/v2\/comments?post=496"}],"version-history":[{"count":26,"href":"https:\/\/paivakumpu.net\/index.php\/wp-json\/wp\/v2\/pages\/496\/revisions"}],"predecessor-version":[{"id":685,"href":"https:\/\/paivakumpu.net\/index.php\/wp-json\/wp\/v2\/pages\/496\/revisions\/685"}],"up":[{"embeddable":true,"href":"https:\/\/paivakumpu.net\/index.php\/wp-json\/wp\/v2\/pages\/515"}],"wp:attachment":[{"href":"https:\/\/paivakumpu.net\/index.php\/wp-json\/wp\/v2\/media?parent=496"}],"curies":[{"name":"wp","href":"https:\/\/api.w.org\/{rel}","templated":true}]}}